{"id":341,"date":"2023-06-25T10:18:01","date_gmt":"2023-06-25T08:18:01","guid":{"rendered":"https:\/\/espaceambar.com\/mi-viaje\/"},"modified":"2023-08-21T17:40:01","modified_gmt":"2023-08-21T15:40:01","slug":"mi-viaje","status":"publish","type":"page","link":"https:\/\/espaceambar.com\/es\/mi-viaje\/","title":{"rendered":"Mi viaje"},"content":{"rendered":"\t\t<div data-elementor-type=\"wp-page\" data-elementor-id=\"341\" class=\"elementor elementor-341 elementor-331\" data-elementor-post-type=\"page\">\n\t\t\t\t<div class=\"elementor-element elementor-element-9ecdf69 e-con-full e-flex e-con e-parent\" data-id=\"9ecdf69\" data-element_type=\"container\" data-e-type=\"container\" data-settings=\"{&quot;background_background&quot;:&quot;classic&quot;}\">\n\t\t\t\t<div class=\"elementor-element elementor-element-1f3ddbe elementor-widget elementor-widget-heading\" data-id=\"1f3ddbe\" data-element_type=\"widget\" data-e-type=\"widget\" data-widget_type=\"heading.default\">\n\t\t\t\t<div class=\"elementor-widget-container\">\n\t\t\t\t\t<h1 class=\"elementor-heading-title elementor-size-default\">Mi viaje<\/h1>\t\t\t\t<\/div>\n\t\t\t\t<\/div>\n\t\t\t\t<\/div>\n\t\t<div class=\"elementor-element elementor-element-e5dca61 e-flex e-con-boxed e-con e-parent\" data-id=\"e5dca61\" data-element_type=\"container\" data-e-type=\"container\">\n\t\t\t\t\t<div class=\"e-con-inner\">\n\t\t<div class=\"elementor-element elementor-element-338e37a e-flex e-con-boxed e-con e-child\" data-id=\"338e37a\" data-element_type=\"container\" data-e-type=\"container\">\n\t\t\t\t\t<div class=\"e-con-inner\">\n\t\t\t\t<div class=\"elementor-element elementor-element-741436a elementor-position-left elementor-vertical-align-middle elementor-widget elementor-widget-image-box\" data-id=\"741436a\" data-element_type=\"widget\" data-e-type=\"widget\" data-widget_type=\"image-box.default\">\n\t\t\t\t<div class=\"elementor-widget-container\">\n\t\t\t\t\t<div class=\"elementor-image-box-wrapper\"><figure class=\"elementor-image-box-img\"><img fetchpriority=\"high\" decoding=\"async\" width=\"1707\" height=\"2560\" src=\"https:\/\/espaceambar.com\/wp-content\/uploads\/2023\/06\/untitled-9-of-15-scaled.jpg\" class=\"attachment-full size-full wp-image-244\" alt=\"\" srcset=\"https:\/\/espaceambar.com\/wp-content\/uploads\/2023\/06\/untitled-9-of-15-scaled.jpg 1707w, https:\/\/espaceambar.com\/wp-content\/uploads\/2023\/06\/untitled-9-of-15-200x300.jpg 200w, https:\/\/espaceambar.com\/wp-content\/uploads\/2023\/06\/untitled-9-of-15-683x1024.jpg 683w, https:\/\/espaceambar.com\/wp-content\/uploads\/2023\/06\/untitled-9-of-15-768x1152.jpg 768w, https:\/\/espaceambar.com\/wp-content\/uploads\/2023\/06\/untitled-9-of-15-1024x1536.jpg 1024w, https:\/\/espaceambar.com\/wp-content\/uploads\/2023\/06\/untitled-9-of-15-1365x2048.jpg 1365w\" sizes=\"(max-width: 1707px) 100vw, 1707px\" \/><\/figure><div class=\"elementor-image-box-content\"><h3 class=\"elementor-image-box-title\">Katherine C. L\u00f3pez<\/h3><p class=\"elementor-image-box-description\">Psicoterapeuta en An\u00e1lisis Bioenerg\u00e9tico  \n\n<br>Asesor floral certificado por BACH  \n\n<br>Practicante de hipnosis humanista\n\n<br>Terapeuta energ\u00e9tico\n\n<\/p><\/div><\/div>\t\t\t\t<\/div>\n\t\t\t\t<\/div>\n\t\t\t\t\t<\/div>\n\t\t\t\t<\/div>\n\t\t\t\t\t<\/div>\n\t\t\t\t<\/div>\n\t\t<div class=\"elementor-element elementor-element-2bdbc94 e-flex e-con-boxed e-con e-parent\" data-id=\"2bdbc94\" data-element_type=\"container\" data-e-type=\"container\" data-settings=\"{&quot;background_background&quot;:&quot;classic&quot;}\">\n\t\t\t\t\t<div class=\"e-con-inner\">\n\t\t\t\t<div class=\"elementor-element elementor-element-0fa7e4d elementor-widget elementor-widget-text-editor\" data-id=\"0fa7e4d\" data-element_type=\"widget\" data-e-type=\"widget\" data-widget_type=\"text-editor.default\">\n\t\t\t\t<div class=\"elementor-widget-container\">\n\t\t\t\t\t\t\t\t\t<p>Hola, soy <strong>Katherine<\/strong>, psicoterapeuta corporal y hol\u00edstica.<\/p>\n<p>Te ayudo a <strong>restablecer el v\u00ednculo entre tu cuerpo, tus emociones y tu esp\u00edritu<\/strong> para que puedas redescubrir tu bienestar y crear una vida m\u00e1s aut\u00e9ntica y en plena sinton\u00eda con tu esencia.<\/p>\n\t\t\t\t\t\t\t\t<\/div>\n\t\t\t\t<\/div>\n\t\t\t\t<div class=\"elementor-element elementor-element-54531f5 elementor-widget elementor-widget-text-editor\" data-id=\"54531f5\" data-element_type=\"widget\" data-e-type=\"widget\" data-widget_type=\"text-editor.default\">\n\t\t\t\t<div class=\"elementor-widget-container\">\n\t\t\t\t\t\t\t\t\t<ul class=\"font_8 color_33 wixui-rich-text__text\">\n<li class=\"wixui-rich-text__text\">\n<p class=\"font_8 wixui-rich-text__text\"><span class=\"wixui-rich-text__text\"><span class=\" wixui-rich-text__text\">Toma conciencia de tus emociones desatendidas e int\u00e9gralas, desarrollando tu inteligencia emocional.  <\/span><\/span><\/p>\n<\/li>\n<li class=\"wixui-rich-text__text\">\n<p class=\"font_8 wixui-rich-text__text\"><span class=\"wixui-rich-text__text\"><span class=\"color_33 wixui-rich-text__text\">Entre en contacto con sus sensaciones corporales, su voz, sus patrones respiratorios, descifre las tensiones en determinadas zonas musculares y mejore la percepci\u00f3n de su cuerpo.<\/span><\/span><\/p>\n<\/li>\n<li class=\"wixui-rich-text__text\">\n<p class=\"font_8 wixui-rich-text__text\"><span class=\"wixui-rich-text__text\"><span class=\"color_33 wixui-rich-text__text\">Convi\u00e9rtete en alguien m\u00e1s alineado con tu yo superior, ampl\u00eda tu visi\u00f3n del ser energ\u00e9tico que eres y entra en contacto con tus propias capacidades autocurativas.<\/span><\/span><\/p>\n<\/li>\n<\/ul>\n\t\t\t\t\t\t\t\t<\/div>\n\t\t\t\t<\/div>\n\t\t\t\t<div class=\"elementor-element elementor-element-02fed3b elementor-widget elementor-widget-text-editor\" data-id=\"02fed3b\" data-element_type=\"widget\" data-e-type=\"widget\" data-widget_type=\"text-editor.default\">\n\t\t\t\t<div class=\"elementor-widget-container\">\n\t\t\t\t\t\t\t\t\t<p><span class=\"wixui-rich-text__text\"><span class=\" wixui-rich-text__text\">Mi coaching se basa en una visi\u00f3n hol\u00edstica del ser, que te permitir\u00e1 transformar tu calidad de vida a medida que tus pilares emocional, f\u00edsico, energ\u00e9tico y espiritual entren en armon\u00eda.<\/span><\/span><\/p>\n\t\t\t\t\t\t\t\t<\/div>\n\t\t\t\t<\/div>\n\t\t\t\t\t<\/div>\n\t\t\t\t<\/div>\n\t\t<div class=\"elementor-element elementor-element-39af319 e-flex e-con-boxed e-con e-parent\" data-id=\"39af319\" data-element_type=\"container\" data-e-type=\"container\" data-settings=\"{&quot;background_background&quot;:&quot;classic&quot;}\">\n\t\t\t\t\t<div class=\"e-con-inner\">\n\t\t\t\t<div class=\"elementor-element elementor-element-f773097 elementor-widget elementor-widget-heading\" data-id=\"f773097\" data-element_type=\"widget\" data-e-type=\"widget\" data-widget_type=\"heading.default\">\n\t\t\t\t<div class=\"elementor-widget-container\">\n\t\t\t\t\t<p class=\"elementor-heading-title elementor-size-default\">\"Soy terapeuta hol\u00edstica porque somos la suma de nuestras partes: cuerpo, mente y alma\".<\/p>\t\t\t\t<\/div>\n\t\t\t\t<\/div>\n\t\t\t\t\t<\/div>\n\t\t\t\t<\/div>\n\t\t<div class=\"elementor-element elementor-element-28c231c e-flex e-con-boxed e-con e-parent\" data-id=\"28c231c\" data-element_type=\"container\" data-e-type=\"container\">\n\t\t\t\t\t<div class=\"e-con-inner\">\n\t\t\t\t<div class=\"elementor-element elementor-element-101c65e elementor-widget elementor-widget-text-editor\" data-id=\"101c65e\" data-element_type=\"widget\" data-e-type=\"widget\" data-widget_type=\"text-editor.default\">\n\t\t\t\t<div class=\"elementor-widget-container\">\n\t\t\t\t\t\t\t\t\t<p><span class=\"wixui-rich-text__text\"><span class=\" wixui-rich-text__text\">Mi objetivo es que su proceso sea respetuoso, transformador, emocionante y duradero: una transformaci\u00f3n profunda.<\/span><\/span><\/p>\n\t\t\t\t\t\t\t\t<\/div>\n\t\t\t\t<\/div>\n\t\t\t\t<div class=\"elementor-element elementor-element-4b68267 elementor-widget elementor-widget-text-editor\" data-id=\"4b68267\" data-element_type=\"widget\" data-e-type=\"widget\" data-widget_type=\"text-editor.default\">\n\t\t\t\t<div class=\"elementor-widget-container\">\n\t\t\t\t\t\t\t\t\t<p class=\"font_8 wixui-rich-text__text\"><span class=\"wixui-rich-text__text\"><span class=\" wixui-rich-text__text\">He trabajado como terapeuta durante varios a\u00f1os y me ha gratificado ver la transformaci\u00f3n que experimentan mis clientes\/pacientes durante mi coaching.<\/span><\/span><\/p>\n<p class=\"font_8 wixui-rich-text__text\"><span class=\"wixui-rich-text__text\"><span class=\" wixui-rich-text__text\">Soy testigo de c\u00f3mo se elevan por encima de s\u00ed mismos, c\u00f3mo se sienten m\u00e1s seguros, c\u00f3mo se liberan del dolor f\u00edsico y emocional.<\/span><\/span><span class=\"wixui-rich-text__text\"><span class=\" wixui-rich-text__text\"> <\/span><\/span><\/p>\n\t\t\t\t\t\t\t\t<\/div>\n\t\t\t\t<\/div>\n\t\t\t\t<div class=\"elementor-element elementor-element-4b92be3 elementor-widget elementor-widget-text-editor\" data-id=\"4b92be3\" data-element_type=\"widget\" data-e-type=\"widget\" data-widget_type=\"text-editor.default\">\n\t\t\t\t<div class=\"elementor-widget-container\">\n\t\t\t\t\t\t\t\t\t<p><span class=\"wixui-rich-text__text\"><span class=\" wixui-rich-text__text\">Juntos, exploraremos la armadura con la que te has estado protegiendo para redescubrir la armon\u00eda emocional, relacional y personal.<\/span><\/span><\/p>\n\t\t\t\t\t\t\t\t<\/div>\n\t\t\t\t<\/div>\n\t\t\t\t\t<\/div>\n\t\t\t\t<\/div>\n\t\t<div class=\"elementor-element elementor-element-0fdb2ce e-flex e-con-boxed e-con e-parent\" data-id=\"0fdb2ce\" data-element_type=\"container\" data-e-type=\"container\" data-settings=\"{&quot;background_background&quot;:&quot;classic&quot;}\">\n\t\t\t\t\t<div class=\"e-con-inner\">\n\t\t\t\t<div class=\"elementor-element elementor-element-799be5c elementor-widget elementor-widget-heading\" data-id=\"799be5c\" data-element_type=\"widget\" data-e-type=\"widget\" data-widget_type=\"heading.default\">\n\t\t\t\t<div class=\"elementor-widget-container\">\n\t\t\t\t\t<p class=\"elementor-heading-title elementor-size-default\">\"Siempre he sabido que no se puede curar el cuerpo cuando el alma est\u00e1 enferma\".  <\/p>\t\t\t\t<\/div>\n\t\t\t\t<\/div>\n\t\t\t\t\t<\/div>\n\t\t\t\t<\/div>\n\t\t<div class=\"elementor-element elementor-element-491d866 e-flex e-con-boxed e-con e-parent\" data-id=\"491d866\" data-element_type=\"container\" data-e-type=\"container\">\n\t\t\t\t\t<div class=\"e-con-inner\">\n\t\t\t\t<div class=\"elementor-element elementor-element-e69e31d elementor-widget elementor-widget-text-editor\" data-id=\"e69e31d\" data-element_type=\"widget\" data-e-type=\"widget\" data-widget_type=\"text-editor.default\">\n\t\t\t\t<div class=\"elementor-widget-container\">\n\t\t\t\t\t\t\t\t\t<p><span class=\"wixui-rich-text__text\"><span class=\" wixui-rich-text__text\">Por eso he ido m\u00e1s all\u00e1 de la formaci\u00f3n acad\u00e9mica para formarme en <strong>terapias energ\u00e9ticas<\/strong> y <strong>emocionales<\/strong>, para poder ofrecerte terapias que te ayuden a <strong>integrar tus energ\u00edas, emociones y cuerpo<\/strong>, para alcanzar el bienestar total.<\/span><\/span><\/p>\n\t\t\t\t\t\t\t\t<\/div>\n\t\t\t\t<\/div>\n\t\t\t\t<div class=\"elementor-element elementor-element-b7eae4b elementor-widget elementor-widget-text-editor\" data-id=\"b7eae4b\" data-element_type=\"widget\" data-e-type=\"widget\" data-widget_type=\"text-editor.default\">\n\t\t\t\t<div class=\"elementor-widget-container\">\n\t\t\t\t\t\t\t\t\t<p><span class=\"wixui-rich-text__text\"><span class=\" wixui-rich-text__text\">Diferentes herramientas para lograr un \u00fanico resultado: BIENESTAR F\u00cdSICO, EMOCIONAL, ESPIRITUAL<\/span><\/span><\/p>\n\t\t\t\t\t\t\t\t<\/div>\n\t\t\t\t<\/div>\n\t\t\t\t\t<\/div>\n\t\t\t\t<\/div>\n\t\t<div class=\"elementor-element elementor-element-2984c01 e-flex e-con-boxed e-con e-parent\" data-id=\"2984c01\" data-element_type=\"container\" data-e-type=\"container\" data-settings=\"{&quot;background_background&quot;:&quot;classic&quot;}\">\n\t\t\t\t\t<div class=\"e-con-inner\">\n\t\t\t\t<div class=\"elementor-element elementor-element-7e39338 elementor-widget elementor-widget-heading\" data-id=\"7e39338\" data-element_type=\"widget\" data-e-type=\"widget\" data-widget_type=\"heading.default\">\n\t\t\t\t<div class=\"elementor-widget-container\">\n\t\t\t\t\t<h2 class=\"elementor-heading-title elementor-size-default\">\u00bfPOR QU\u00c9 SER TERAPEUTA?<\/h2>\t\t\t\t<\/div>\n\t\t\t\t<\/div>\n\t\t\t\t<div class=\"elementor-element elementor-element-dcf46a1 elementor-widget elementor-widget-text-editor\" data-id=\"dcf46a1\" data-element_type=\"widget\" data-e-type=\"widget\" data-widget_type=\"text-editor.default\">\n\t\t\t\t<div class=\"elementor-widget-container\">\n\t\t\t\t\t\t\t\t\t<p class=\"font_8 wixui-rich-text__text\"><span class=\"wixui-rich-text__text\"><span class=\"color_16 wixui-rich-text__text\">Siempre he sido muy perceptivo, observador y atento con los que me rodean.  <\/span><\/span><\/p>\n<p class=\"font_8 wixui-rich-text__text\"><span class=\"wixui-rich-text__text\"><span class=\"color_16 wixui-rich-text__text\">Esto me llev\u00f3 naturalmente al mundo de la terapia, y en aquel momento la psicolog\u00eda era justo lo que estaba buscando.<\/span><\/span><\/p>\n<p class=\"font_8 wixui-rich-text__text\"><span class=\"wixui-rich-text__text\"><span class=\"color_16 wixui-rich-text__text\">El camino hacia la profesi\u00f3n de mis sue\u00f1os no fue f\u00e1cil, pero la perseverancia y la capacidad de resistencia interior convirtieron esos &#8220;obst\u00e1culos&#8221; en apoyos que ayudaron a forjar mi camino. Este mundo de terapias me sigue fascinando hoy en d\u00eda, y junto a mi curiosidad, mi capacidad de observaci\u00f3n es lo que me impulsa a explorar la naturaleza humana, tan rica y variada. Es un camino en el que sigo creciendo, sigo creyendo cada d\u00eda y nunca he dejado de formarme en diferentes \u00e1reas para poder crecer como profesional y como ser humano.<\/span><br class=\"wixui-rich-text__text\"><br class=\"wixui-rich-text__text\"><span class=\"color_33 wixui-rich-text__text\">En la<strong>actualidad<\/strong>, <\/span><span class=\"color_16 wixui-rich-text__text\">lo que m\u00e1s me gusta de mi profesi\u00f3n es poder ayudar a la gente a despertar, darse cuenta de su potencial y tomar las riendas de su vida. <\/span> <\/span><span class=\"wixui-rich-text__text\"><span class=\"color_16 wixui-rich-text__text\">Porque la vida es un puro proceso de aprendizaje, y si nos damos cuenta de ello, las situaciones dif\u00edciles que podamos encontrar ser\u00e1n la fuerza motriz que necesitamos para avanzar y crecer.<\/span><\/span><\/p>\n\t\t\t\t\t\t\t\t<\/div>\n\t\t\t\t<\/div>\n\t\t\t\t<div class=\"elementor-element elementor-element-ddd0a5d elementor-widget elementor-widget-text-editor\" data-id=\"ddd0a5d\" data-element_type=\"widget\" data-e-type=\"widget\" data-widget_type=\"text-editor.default\">\n\t\t\t\t<div class=\"elementor-widget-container\">\n\t\t\t\t\t\t\t\t\t<p><span class=\"wixui-rich-text__text\"><span class=\" wixui-rich-text__text\"><span class=\"color_34 wixui-rich-text__text\">&#8220;Porque nuestra historia nos marca, pero no nos condena&#8221;.<\/span><\/span><\/span><\/p>\n\t\t\t\t\t\t\t\t<\/div>\n\t\t\t\t<\/div>\n\t\t\t\t<div class=\"elementor-element elementor-element-4a4d5d4 elementor-widget elementor-widget-text-editor\" data-id=\"4a4d5d4\" data-element_type=\"widget\" data-e-type=\"widget\" data-widget_type=\"text-editor.default\">\n\t\t\t\t<div class=\"elementor-widget-container\">\n\t\t\t\t\t\t\t\t\t<p class=\"font_8 wixui-rich-text__text\"><span class=\"wixui-rich-text__text\"><span class=\"color_16 wixui-rich-text__text\">Ayudar a la gente a creer en s\u00ed misma, a elevarse, a crecer en autenticidad, a aceptarse sin m\u00e1scaras y sin miedo, eso es lo que me mueve por dentro.<br class=\"wixui-rich-text__text\">Yo tambi\u00e9n he pasado por eso, y s\u00e9 que sin el apoyo de un terapeuta no es f\u00e1cil salir del laberinto.<br class=\"wixui-rich-text__text\">Por eso quiero ofrecer a los dem\u00e1s lo que a m\u00ed me ha hecho tanto bien.<\/span><\/span><\/p>\n<p class=\"font_8 wixui-rich-text__text\"><strong><span class=\"wixui-rich-text__text\"><span class=\"color_34 wixui-rich-text__text\">Y tambi\u00e9n&#8230;<\/span><\/span><\/strong><\/p>\n<p class=\"font_8 wixui-rich-text__text\"><span class=\"wixui-rich-text__text\"><span class=\"color_16 wixui-rich-text__text\">Yo tambi\u00e9n soy uruguayo y vivo en Bruselas desde 2008.<\/span><\/span><\/p>\n<p class=\"font_8 wixui-rich-text__text\"><span class=\"wixui-rich-text__text\"><span class=\"color_16 wixui-rich-text__text\">Vivo con mi familia, que est\u00e1 conmigo y me apoya en todo momento.  <\/span><\/span><\/p>\n<p class=\"font_8 wixui-rich-text__text\"><span class=\"wixui-rich-text__text\"><span class=\"color_16 wixui-rich-text__text\">Me fascina la jardiner\u00eda, que hago en mi terraza siempre que puedo, porque me relaja, me desconecta del ruido y me conecta con la naturaleza. Tambi\u00e9n me encantan las actividades creativas como la pintura, el ganchillo y la costura, que alimentan mi creatividad.<\/span><\/span><\/p>\n<p class=\"font_8 wixui-rich-text__text\"><span class=\"wixui-rich-text__text\"><br \/>\n  <span class=\"color_16 wixui-rich-text__text\"><br \/>\n    <span class=\"wixGuard wixui-rich-text__text\"><br \/>\n  <\/span><br \/>\n<\/span><span class=\"wixui-rich-text__text\"><br \/>\n  <span class=\"color_16 wixui-rich-text__text\">Siendo uruguaya, me encanta el mate y si estoy sentada en la terraza disfrutando de mis plantas, ya me siento en el para\u00edso.<\/span><br \/>\n<\/span><\/span><\/p>\n<p class=\"font_8 wixui-rich-text__text\"><span class=\"wixui-rich-text__text\"><br \/>\n  <span class=\"color_16 wixui-rich-text__text\"><br \/>\n    <span class=\"wixGuard wixui-rich-text__text\"><br \/>\n  <\/span><br \/>\n<\/span><span class=\"wixui-rich-text__text\"><br \/>\n  <span class=\"color_16 wixui-rich-text__text\">Creo que un buen brunch con amigos es la mejor manera de celebrar la vida y la amistad.<\/span><br \/>\n<\/span><\/span><\/p>\n<p class=\"font_8 wixui-rich-text__text\"><span class=\"wixui-rich-text__text\"><span class=\"color_16 wixui-rich-text__text\">  Todo esto me ayuda a recargar las pilas. <\/span><\/span><\/p>\n\t\t\t\t\t\t\t\t<\/div>\n\t\t\t\t<\/div>\n\t\t\t\t\t<\/div>\n\t\t\t\t<\/div>\n\t\t<div class=\"elementor-element elementor-element-b29f0a5 e-flex e-con-boxed e-con e-parent\" data-id=\"b29f0a5\" data-element_type=\"container\" data-e-type=\"container\">\n\t\t\t\t\t<div class=\"e-con-inner\">\n\t\t<div class=\"elementor-element elementor-element-fbc994d e-flex e-con-boxed e-con e-child\" data-id=\"fbc994d\" data-element_type=\"container\" data-e-type=\"container\" data-settings=\"{&quot;background_background&quot;:&quot;classic&quot;}\">\n\t\t\t\t\t<div class=\"e-con-inner\">\n\t\t<div class=\"elementor-element elementor-element-7303a06 e-flex e-con-boxed e-con e-child\" data-id=\"7303a06\" data-element_type=\"container\" data-e-type=\"container\">\n\t\t\t\t\t<div class=\"e-con-inner\">\n\t\t\t\t<div class=\"elementor-element elementor-element-64cdecf elementor-widget elementor-widget-heading\" data-id=\"64cdecf\" data-element_type=\"widget\" data-e-type=\"widget\" data-widget_type=\"heading.default\">\n\t\t\t\t<div class=\"elementor-widget-container\">\n\t\t\t\t\t<h2 class=\"elementor-heading-title elementor-size-default\">Formaci\u00f3n<\/h2>\t\t\t\t<\/div>\n\t\t\t\t<\/div>\n\t\t\t\t<div class=\"elementor-element elementor-element-66eb197 elementor-widget elementor-widget-text-editor\" data-id=\"66eb197\" data-element_type=\"widget\" data-e-type=\"widget\" data-widget_type=\"text-editor.default\">\n\t\t\t\t<div class=\"elementor-widget-container\">\n\t\t\t\t\t\t\t\t\t<ul>\n<li><strong>PSICOLOG\u00cdA<\/strong> Universidad de la Rep\u00fablica O. del Uruguay, Montevideo-Uruguay.<\/li>\n<li><strong>PSICOTERAPIA CORPORAL REICHIANA<\/strong>. Pulsar Espace, Montevideo-Uruguay.<\/li>\n<li><strong>AN\u00c1LISIS BIO<\/strong> ENERG\u00c9TICO Coll\u00e8ge fran\u00e7ais d&#8217;analyse bio\u00e9nerg\u00e9tique, <span style=\"text-decoration: underline;\"><br \/>\n  <span style=\"color: #000000; text-decoration: underline;\"><br \/>\n    <a style=\"color: #000000; text-decoration: underline;\" href=\"https:\/\/www.cfab.info\" target=\"_blank\" rel=\"noopener\">CFAB<\/a><br \/>\n  <\/span><br \/>\n<\/span>. Analista <strong>bioenerg\u00e9tico<\/strong>.<\/li>\n<li><strong>MASTER REIKI USUI<\/strong>, Uruguay y B\u00e9lgica.<\/li>\n<li><strong>BACH FLOWER CONSULTANT CERTIFICADO, BFRP<\/strong> certificado por la Fundaci\u00f3n Dr. Edward Bach de Inglaterra, Programa Internacional del Centro Bach de Inglaterra, Bruselas, B\u00e9lgica.<\/li>\n<li><strong>Consultor-profesor de<\/strong> flores de Bach reconocido por La petite \u00e9cole des fleurs de Bach, LPEFB<\/li>\n<li><strong>13D MASTER PRACTITIONER, Nuevo Paradigma, MDT<\/strong>, transformaci\u00f3n multidimensional<\/li>\n<li><strong>PRACTICANTE DE HIPNOSIS HUMAN<\/strong>ISTA, Escuela Belga de Hipnosis Humanista, Bruselas-B\u00e9lgica.<\/li>\n<\/ul>\n\t\t\t\t\t\t\t\t<\/div>\n\t\t\t\t<\/div>\n\t\t\t\t\t<\/div>\n\t\t\t\t<\/div>\n\t\t<div class=\"elementor-element elementor-element-0dc0670 e-flex e-con-boxed e-con e-child\" data-id=\"0dc0670\" data-element_type=\"container\" data-e-type=\"container\">\n\t\t\t\t\t<div class=\"e-con-inner\">\n\t\t\t\t<div class=\"elementor-element elementor-element-5acc97e elementor-widget elementor-widget-heading\" data-id=\"5acc97e\" data-element_type=\"widget\" data-e-type=\"widget\" data-widget_type=\"heading.default\">\n\t\t\t\t<div class=\"elementor-widget-container\">\n\t\t\t\t\t<h2 class=\"elementor-heading-title elementor-size-default\">Miembro de :<\/h2>\t\t\t\t<\/div>\n\t\t\t\t<\/div>\n\t\t\t\t<div class=\"elementor-element elementor-element-cb1bbd6 elementor-widget elementor-widget-text-editor\" data-id=\"cb1bbd6\" data-element_type=\"widget\" data-e-type=\"widget\" data-widget_type=\"text-editor.default\">\n\t\t\t\t<div class=\"elementor-widget-container\">\n\t\t\t\t\t\t\t\t\t<ul>\n<li>Instituto Internacional de An\u00e1lisis Bioenerg\u00e9tico, <strong><br \/>\n  <span style=\"text-decoration: underline;\"><br \/>\n    <span style=\"color: #000000; text-decoration: underline;\"><br \/>\n      <a style=\"color: #000000; text-decoration: underline;\" href=\"https:\/\/www.bioenergetic-therapy.com\/index.php\/fr\/\" target=\"_blank\" rel=\"noopener\">IIBA<\/a><br \/>\n    <\/span><br \/>\n  <\/span><br \/>\n<\/strong><\/li>\n<li>Sociedad Belga de An\u00e1lisis Bioenerg\u00e9tico, <span style=\"text-decoration: underline; color: #000000;\"><br \/>\n  <strong><br \/>\n    <a style=\"color: #000000; text-decoration: underline;\" href=\"https:\/\/www.sobab.org\/\" target=\"_blank\" rel=\"noopener\">SOBAB<\/a><br \/>\n  <\/strong><br \/>\n<\/span><\/li>\n<li><span style=\"text-decoration: underline; color: #000000;\"><strong><a style=\"color: #000000; text-decoration: underline;\" href=\"https:\/\/www.bachcentre.com\/en\/\" target=\"_blank\" rel=\"noopener\">Centro Bach<\/a><\/strong><\/span><\/li>\n<li>La peque\u00f1a escuela de flores de Bach, <span style=\"text-decoration: underline; color: #000000;\"><br \/>\n  <strong><br \/>\n    <a style=\"color: #000000; text-decoration: underline;\" href=\"https:\/\/lpefb.com\/\" target=\"_blank\" rel=\"noopener\">LPEFB<\/a><br \/>\n  <\/strong><br \/>\n<\/span><\/li>\n<li>Asociaci\u00f3n Europea de Psicoterapia, <span style=\"text-decoration: underline;\"><br \/>\n  <strong><br \/>\n    <span style=\"color: #000000; text-decoration: underline;\"><br \/>\n      <a style=\"color: #000000; text-decoration: underline;\" href=\"https:\/\/www.europsyche.org\/\" target=\"_blank\" rel=\"noopener\">E.A.P.<\/a><br \/>\n    <\/span><br \/>\n  <\/strong><br \/>\n<\/span> Titular del CEP (Certificado Europeo de Psicoterapeuta)<\/li>\n<li>Asociaci\u00f3n Belga de Psicoterapia, <span style=\"text-decoration: underline; color: #000000;\"><br \/>\n  <strong><br \/>\n    <a style=\"color: #000000; text-decoration: underline;\" href=\"https:\/\/abp-bvp.be\/?lang=fr\" target=\"_blank\" rel=\"noopener\">ABP-BVP<\/a><br \/>\n  <\/strong><br \/>\n<\/span><\/li>\n<\/ul>\n\t\t\t\t\t\t\t\t<\/div>\n\t\t\t\t<\/div>\n\t\t\t\t<div class=\"elementor-element elementor-element-5179c9d elementor-widget elementor-widget-heading\" data-id=\"5179c9d\" data-element_type=\"widget\" data-e-type=\"widget\" data-widget_type=\"heading.default\">\n\t\t\t\t<div class=\"elementor-widget-container\">\n\t\t\t\t\t<h2 class=\"elementor-heading-title elementor-size-default\">Tambi\u00e9n tengo formaci\u00f3n en<\/h2>\t\t\t\t<\/div>\n\t\t\t\t<\/div>\n\t\t\t\t<div class=\"elementor-element elementor-element-09ac14e elementor-widget elementor-widget-text-editor\" data-id=\"09ac14e\" data-element_type=\"widget\" data-e-type=\"widget\" data-widget_type=\"text-editor.default\">\n\t\t\t\t<div class=\"elementor-widget-container\">\n\t\t\t\t\t\t\t\t\t<ul class=\"font_8 color_35 wixui-rich-text__text\">\n<li class=\"wixui-rich-text__text\">\n<p class=\"font_8 wixui-rich-text__text\"><span class=\"wixui-rich-text__text\"><span class=\"color_35 wixui-rich-text__text\">Relajaci\u00f3n coreana<\/span><\/span><\/p>\n<\/li>\n<li class=\"wixui-rich-text__text\">\n<p class=\"font_8 wixui-rich-text__text\"><span class=\"wixui-rich-text__text\"><span class=\"color_35 wixui-rich-text__text\">Numerolog\u00eda<\/span><\/span><\/p>\n<\/li>\n<li class=\"wixui-rich-text__text\">\n<p class=\"font_8 wixui-rich-text__text\"><span class=\"wixui-rich-text__text\"><span class=\"color_35 wixui-rich-text__text\">Archivos ak\u00e1shicos<\/span><\/span><\/p>\n<\/li>\n<li class=\"wixui-rich-text__text\">\n<p class=\"font_8 wixui-rich-text__text\"><span class=\"wixui-rich-text__text\"><span class=\"color_35 wixui-rich-text__text\">Mindfulness<\/span><\/span><\/p>\n<\/li>\n<li class=\"wixui-rich-text__text\">\n<p class=\"font_8 wixui-rich-text__text\"><span class=\"wixui-rich-text__text\"><span class=\"color_35 wixui-rich-text__text\">Litoterapia<\/span><\/span><\/p>\n<\/li>\n<li class=\"wixui-rich-text__text\">\n<p class=\"font_8 wixui-rich-text__text\"><span class=\"wixui-rich-text__text\"><span class=\"color_35 wixui-rich-text__text\">Horquillas de ajuste<\/span><\/span><\/p>\n<\/li>\n<\/ul>\n\t\t\t\t\t\t\t\t<\/div>\n\t\t\t\t<\/div>\n\t\t\t\t\t<\/div>\n\t\t\t\t<\/div>\n\t\t\t\t\t<\/div>\n\t\t\t\t<\/div>\n\t\t\t\t\t<\/div>\n\t\t\t\t<\/div>\n\t\t\t\t<\/div>\n\t\t","protected":false},"excerpt":{"rendered":"<p>Mi viaje Katherine C. L\u00f3pez Psicoterapeuta en An\u00e1lisis Bioenerg\u00e9tico Asesor floral certificado por BACH Practicante de hipnosis humanista Terapeuta energ\u00e9tico Hola, soy Katherine, psicoterapeuta corporal y hol\u00edstica. Te ayudo a restablecer el v\u00ednculo entre tu cuerpo, tus emociones y tu esp\u00edritu para que puedas redescubrir tu bienestar y crear una vida m\u00e1s aut\u00e9ntica y en [&hellip;]<\/p>\n","protected":false},"author":18,"featured_media":0,"parent":0,"menu_order":0,"comment_status":"closed","ping_status":"closed","template":"elementor_header_footer","meta":{"_seopress_robots_primary_cat":"","_seopress_titles_title":"","_seopress_titles_desc":"","_seopress_robots_index":"","_surecart_dashboard_logo_width":"180px","_surecart_dashboard_show_logo":true,"_surecart_dashboard_navigation_orders":true,"_surecart_dashboard_navigation_invoices":true,"_surecart_dashboard_navigation_subscriptions":true,"_surecart_dashboard_navigation_downloads":true,"_surecart_dashboard_navigation_billing":true,"_surecart_dashboard_navigation_account":true,"iawp_total_views":0,"footnotes":""},"class_list":["post-341","page","type-page","status-publish","hentry"],"_links":{"self":[{"href":"https:\/\/espaceambar.com\/es\/wp-json\/wp\/v2\/pages\/341","targetHints":{"allow":["GET"]}}],"collection":[{"href":"https:\/\/espaceambar.com\/es\/wp-json\/wp\/v2\/pages"}],"about":[{"href":"https:\/\/espaceambar.com\/es\/wp-json\/wp\/v2\/types\/page"}],"author":[{"embeddable":true,"href":"https:\/\/espaceambar.com\/es\/wp-json\/wp\/v2\/users\/18"}],"replies":[{"embeddable":true,"href":"https:\/\/espaceambar.com\/es\/wp-json\/wp\/v2\/comments?post=341"}],"version-history":[{"count":0,"href":"https:\/\/espaceambar.com\/es\/wp-json\/wp\/v2\/pages\/341\/revisions"}],"wp:attachment":[{"href":"https:\/\/espaceambar.com\/es\/wp-json\/wp\/v2\/media?parent=341"}],"curies":[{"name":"wp","href":"https:\/\/api.w.org\/{rel}","templated":true}]}}