{"id":630,"date":"2023-06-30T14:52:17","date_gmt":"2023-06-30T12:52:17","guid":{"rendered":"https:\/\/espaceambar.com\/blog\/"},"modified":"2023-09-07T10:22:20","modified_gmt":"2023-09-07T08:22:20","slug":"blog","status":"publish","type":"page","link":"https:\/\/espaceambar.com\/es\/blog\/","title":{"rendered":"Blog"},"content":{"rendered":"\t\t<div data-elementor-type=\"wp-page\" data-elementor-id=\"630\" class=\"elementor elementor-630 elementor-627\" data-elementor-post-type=\"page\">\n\t\t\t\t<div class=\"elementor-element elementor-element-e619a94 e-con-full e-flex e-con e-parent\" data-id=\"e619a94\" data-element_type=\"container\" data-e-type=\"container\" data-settings=\"{&quot;background_background&quot;:&quot;classic&quot;}\">\n\t\t\t\t<div class=\"elementor-element elementor-element-4ae0f848 elementor-widget elementor-widget-heading\" data-id=\"4ae0f848\" data-element_type=\"widget\" data-e-type=\"widget\" data-widget_type=\"heading.default\">\n\t\t\t\t<div class=\"elementor-widget-container\">\n\t\t\t\t\t<h1 class=\"elementor-heading-title elementor-size-default\">BLOG<\/h1>\t\t\t\t<\/div>\n\t\t\t\t<\/div>\n\t\t\t\t<\/div>\n\t\t<div class=\"elementor-element elementor-element-6501042 e-flex e-con-boxed e-con e-parent\" data-id=\"6501042\" data-element_type=\"container\" data-e-type=\"container\">\n\t\t\t\t\t<div class=\"e-con-inner\">\n\t\t\t\t<div class=\"elementor-element elementor-element-aafe4b3 elementor-grid-4 elementor-grid-tablet-2 elementor-grid-mobile-1 elementor-posts--thumbnail-top elementor-widget elementor-widget-posts\" data-id=\"aafe4b3\" data-element_type=\"widget\" data-e-type=\"widget\" data-settings=\"{&quot;classic_columns&quot;:&quot;4&quot;,&quot;classic_columns_tablet&quot;:&quot;2&quot;,&quot;classic_columns_mobile&quot;:&quot;1&quot;,&quot;classic_row_gap&quot;:{&quot;unit&quot;:&quot;px&quot;,&quot;size&quot;:35,&quot;sizes&quot;:[]},&quot;classic_row_gap_tablet&quot;:{&quot;unit&quot;:&quot;px&quot;,&quot;size&quot;:&quot;&quot;,&quot;sizes&quot;:[]},&quot;classic_row_gap_mobile&quot;:{&quot;unit&quot;:&quot;px&quot;,&quot;size&quot;:&quot;&quot;,&quot;sizes&quot;:[]}}\" data-widget_type=\"posts.classic\">\n\t\t\t\t<div class=\"elementor-widget-container\">\n\t\t\t\t\t\t\t<div class=\"elementor-posts-container elementor-posts elementor-posts--skin-classic elementor-grid\" role=\"list\">\n\t\t\t\t<article class=\"elementor-post elementor-grid-item post-2277 post type-post status-publish format-standard has-post-thumbnail hentry category-non-classifiee tag-distancia-optima-psicologia tag-duelo-familiar tag-familia-elegida tag-katherine-c-lopez tag-lealtades-invisibles tag-limites-familiares tag-oveja-negra-de-la-familia tag-psicoterapia tag-salud-mental tag-supervivencia-emocional-navidad tag-trauma-familiar\" role=\"listitem\">\n\t\t\t\t<a class=\"elementor-post__thumbnail__link\" href=\"https:\/\/espaceambar.com\/es\/que-pouvons-nous-apprendre-dun-animal-blesse-sur-notre-propre-processus-de-guerison\/\" tabindex=\"-1\" >\n\t\t\t<div class=\"elementor-post__thumbnail\"><img fetchpriority=\"high\" decoding=\"async\" width=\"1024\" height=\"1024\" src=\"https:\/\/espaceambar.com\/wp-content\/uploads\/2026\/01\/Gemini_Generated_Image_j4kqwwj4kqwwj4kq.png\" class=\"attachment-full size-full wp-image-2341\" alt=\"\" srcset=\"https:\/\/espaceambar.com\/wp-content\/uploads\/2026\/01\/Gemini_Generated_Image_j4kqwwj4kqwwj4kq.png 1024w, https:\/\/espaceambar.com\/wp-content\/uploads\/2026\/01\/Gemini_Generated_Image_j4kqwwj4kqwwj4kq-300x300.png 300w, https:\/\/espaceambar.com\/wp-content\/uploads\/2026\/01\/Gemini_Generated_Image_j4kqwwj4kqwwj4kq-150x150.png 150w, https:\/\/espaceambar.com\/wp-content\/uploads\/2026\/01\/Gemini_Generated_Image_j4kqwwj4kqwwj4kq-768x768.png 768w\" sizes=\"(max-width: 1024px) 100vw, 1024px\" \/><\/div>\n\t\t<\/a>\n\t\t\t\t<div class=\"elementor-post__text\">\n\t\t\t\t<h3 class=\"elementor-post__title\">\n\t\t\t<a href=\"https:\/\/espaceambar.com\/es\/que-pouvons-nous-apprendre-dun-animal-blesse-sur-notre-propre-processus-de-guerison\/\" >\n\t\t\t\tLa Oveja Negra: del rol impuesto al camino personal (p2): L\u00edmites, duelos y la construcci\u00f3n de la familia elegida.\t\t\t<\/a>\n\t\t<\/h3>\n\t\t\t\t<div class=\"elementor-post__meta-data\">\n\t\t\t\t\t<span class=\"elementor-post-author\">\n\t\t\t<span \n                data-original-string='onpJhoO6UBxj6W3bQdh6xQ==6d1xXnW1CtG6EZnLeYB5U22\/ByEpVOiINGZE\/Z8iyP2mDE='\n                class='apbct-email-encoder'\n                title='Este contacto ha sido codificado por Anti-Spam by CleanTalk. Haz clic para decodificar. Para finalizar la decodificaci\u00f3n, aseg\u00farate de que JavaScript est\u00e1 activado en tu navegador.'>ka<span class=\"apbct-blur\">*******<\/span>@<span class=\"apbct-blur\">*********<\/span>ar.com<\/span>\t\t<\/span>\n\t\t\t\t<span class=\"elementor-post-date\">\n\t\t\t6 de enero de 2026\t\t<\/span>\n\t\t\t\t<\/div>\n\t\t\t\t<div class=\"elementor-post__excerpt\">\n\t\t\t<p>En este episodio, te acompa\u00f1o a dar el paso definitivo: dejar de cargar el rol de la oveja negra como un peso y empezar a usarlo como tu br\u00fajula personal. Te explico c\u00f3mo liberarte de las lealtades invisibles que te atan al pasado y c\u00f3mo transitar el doloroso pero necesario duelo por la familia ideal. Adem\u00e1s, te comparto herramientas pr\u00e1cticas de distancia \u00f3ptima para que protejas tu paz mental, especialmente en estas fechas navide\u00f1as, mientras construyes con orgullo tu propia familia elegida.<\/p>\n\t\t<\/div>\n\t\t\n\t\t<a class=\"elementor-post__read-more\" href=\"https:\/\/espaceambar.com\/es\/que-pouvons-nous-apprendre-dun-animal-blesse-sur-notre-propre-processus-de-guerison\/\" aria-label=\"M\u00e1s informaci\u00f3n sobre La Oveja Negra: del rol impuesto al camino personal (p2): L\u00edmites, duelos y la construcci\u00f3n de la familia elegida.\" tabindex=\"-1\" >\n\t\t\tLeer m\u00e1s \"\t\t<\/a>\n\n\t\t\t\t<\/div>\n\t\t\t\t<\/article>\n\t\t\t\t<article class=\"elementor-post elementor-grid-item post-2293 post type-post status-publish format-standard has-post-thumbnail hentry category-non-classifiee tag-autenticidad tag-baja-autoestima tag-de-donde-vengo tag-estigma tag-hacia-donde-voy tag-libertad-personal tag-mandatos-familiares tag-oveja-negra-de-la-familia tag-pertenencia tag-quien-soy tag-sentimientos-de-exclusion\" role=\"listitem\">\n\t\t\t\t<a class=\"elementor-post__thumbnail__link\" href=\"https:\/\/espaceambar.com\/es\/la-oveja-negra-de-la-familia\/\" tabindex=\"-1\" >\n\t\t\t<div class=\"elementor-post__thumbnail\"><img decoding=\"async\" width=\"1600\" height=\"896\" src=\"https:\/\/espaceambar.com\/wp-content\/uploads\/2025\/10\/jaimerais-des-images-que-representent-le-poids-pour-une-personne-detre-le-mouton-noir-dans-sa-famille.jpg\" class=\"attachment-full size-full wp-image-2295\" alt=\"\" srcset=\"https:\/\/espaceambar.com\/wp-content\/uploads\/2025\/10\/jaimerais-des-images-que-representent-le-poids-pour-une-personne-detre-le-mouton-noir-dans-sa-famille.jpg 1600w, https:\/\/espaceambar.com\/wp-content\/uploads\/2025\/10\/jaimerais-des-images-que-representent-le-poids-pour-une-personne-detre-le-mouton-noir-dans-sa-famille-300x168.jpg 300w, https:\/\/espaceambar.com\/wp-content\/uploads\/2025\/10\/jaimerais-des-images-que-representent-le-poids-pour-une-personne-detre-le-mouton-noir-dans-sa-famille-1024x573.jpg 1024w, https:\/\/espaceambar.com\/wp-content\/uploads\/2025\/10\/jaimerais-des-images-que-representent-le-poids-pour-une-personne-detre-le-mouton-noir-dans-sa-famille-768x430.jpg 768w, https:\/\/espaceambar.com\/wp-content\/uploads\/2025\/10\/jaimerais-des-images-que-representent-le-poids-pour-une-personne-detre-le-mouton-noir-dans-sa-famille-1536x860.jpg 1536w\" sizes=\"(max-width: 1600px) 100vw, 1600px\" \/><\/div>\n\t\t<\/a>\n\t\t\t\t<div class=\"elementor-post__text\">\n\t\t\t\t<h3 class=\"elementor-post__title\">\n\t\t\t<a href=\"https:\/\/espaceambar.com\/es\/la-oveja-negra-de-la-familia\/\" >\n\t\t\t\tLa oveja negra de la familia\t\t\t<\/a>\n\t\t<\/h3>\n\t\t\t\t<div class=\"elementor-post__meta-data\">\n\t\t\t\t\t<span class=\"elementor-post-author\">\n\t\t\t<span \n                data-original-string='U5WL857giO7iumZFyNy\/UA==6d1FRUOnpLM0tOu6kQ7gubgld+GLzwggsY\/6K2ktmgo2w0='\n                class='apbct-email-encoder'\n                title='Este contacto ha sido codificado por Anti-Spam by CleanTalk. Haz clic para decodificar. Para finalizar la decodificaci\u00f3n, aseg\u00farate de que JavaScript est\u00e1 activado en tu navegador.'>ka<span class=\"apbct-blur\">*******<\/span>@<span class=\"apbct-blur\">*********<\/span>ar.com<\/span>\t\t<\/span>\n\t\t\t\t<span class=\"elementor-post-date\">\n\t\t\t30 de octubre de 2025\t\t<\/span>\n\t\t\t\t<\/div>\n\t\t\t\t<div class=\"elementor-post__excerpt\">\n\t\t\t<p>Hoy quiero invitarte a reflexionar sobre el papel de la oveja negra en la familia. En una sociedad que valora la conformidad, esta figura suele<\/p>\n\t\t<\/div>\n\t\t\n\t\t<a class=\"elementor-post__read-more\" href=\"https:\/\/espaceambar.com\/es\/la-oveja-negra-de-la-familia\/\" aria-label=\"M\u00e1s informaci\u00f3n sobre La oveja negra de la familia\" tabindex=\"-1\" >\n\t\t\tLeer m\u00e1s \"\t\t<\/a>\n\n\t\t\t\t<\/div>\n\t\t\t\t<\/article>\n\t\t\t\t<article class=\"elementor-post elementor-grid-item post-1985 post type-post status-publish format-standard has-post-thumbnail hentry category-sin-categorizar tag-apoyo-emocional tag-equilibrioemocional tag-hipersensibilidad tag-vueltaaclases\" role=\"listitem\">\n\t\t\t\t<a class=\"elementor-post__thumbnail__link\" href=\"https:\/\/espaceambar.com\/es\/la-vuelta-a-clases-con-las-flores-de-bach-2\/\" tabindex=\"-1\" >\n\t\t\t<div class=\"elementor-post__thumbnail\"><img decoding=\"async\" width=\"640\" height=\"640\" src=\"https:\/\/espaceambar.com\/wp-content\/uploads\/2025\/07\/woman-7306978_640.jpg\" class=\"attachment-full size-full wp-image-1977\" alt=\"\" srcset=\"https:\/\/espaceambar.com\/wp-content\/uploads\/2025\/07\/woman-7306978_640.jpg 640w, https:\/\/espaceambar.com\/wp-content\/uploads\/2025\/07\/woman-7306978_640-300x300.jpg 300w, https:\/\/espaceambar.com\/wp-content\/uploads\/2025\/07\/woman-7306978_640-150x150.jpg 150w\" sizes=\"(max-width: 640px) 100vw, 640px\" \/><\/div>\n\t\t<\/a>\n\t\t\t\t<div class=\"elementor-post__text\">\n\t\t\t\t<h3 class=\"elementor-post__title\">\n\t\t\t<a href=\"https:\/\/espaceambar.com\/es\/la-vuelta-a-clases-con-las-flores-de-bach-2\/\" >\n\t\t\t\tLa vuelta a clases con las flores de Bach\t\t\t<\/a>\n\t\t<\/h3>\n\t\t\t\t<div class=\"elementor-post__meta-data\">\n\t\t\t\t\t<span class=\"elementor-post-author\">\n\t\t\t<span \n                data-original-string='RHl2xn+an6KVRsZYrpVHMg==6d1pwkKMonMDUoodAMX3UjWeIZF5i6SCpcZY5LrMS6MlvY='\n                class='apbct-email-encoder'\n                title='Este contacto ha sido codificado por Anti-Spam by CleanTalk. Haz clic para decodificar. Para finalizar la decodificaci\u00f3n, aseg\u00farate de que JavaScript est\u00e1 activado en tu navegador.'>ka<span class=\"apbct-blur\">*******<\/span>@<span class=\"apbct-blur\">*********<\/span>ar.com<\/span>\t\t<\/span>\n\t\t\t\t<span class=\"elementor-post-date\">\n\t\t\t17 de julio de 2025\t\t<\/span>\n\t\t\t\t<\/div>\n\t\t\t\t<div class=\"elementor-post__excerpt\">\n\t\t\t<p>Cada nuevo curso escolar marca tres cosas: el final de las vacaciones, el comienzo del nuevo a\u00f1o escolar y la vuelta a la vida cotidiana.<\/p>\n\t\t<\/div>\n\t\t\n\t\t<a class=\"elementor-post__read-more\" href=\"https:\/\/espaceambar.com\/es\/la-vuelta-a-clases-con-las-flores-de-bach-2\/\" aria-label=\"M\u00e1s informaci\u00f3n sobre La vuelta a clases con las flores de Bach\" tabindex=\"-1\" >\n\t\t\tLeer m\u00e1s \"\t\t<\/a>\n\n\t\t\t\t<\/div>\n\t\t\t\t<\/article>\n\t\t\t\t<article class=\"elementor-post elementor-grid-item post-1974 post type-post status-publish format-standard has-post-thumbnail hentry category-sin-categorizar\" role=\"listitem\">\n\t\t\t\t<a class=\"elementor-post__thumbnail__link\" href=\"https:\/\/espaceambar.com\/es\/la-vuelta-a-clases-con-las-flores-de-bach\/\" tabindex=\"-1\" >\n\t\t\t<div class=\"elementor-post__thumbnail\"><img decoding=\"async\" width=\"640\" height=\"640\" src=\"https:\/\/espaceambar.com\/wp-content\/uploads\/2025\/07\/woman-7306978_640.jpg\" class=\"attachment-full size-full wp-image-1977\" alt=\"\" srcset=\"https:\/\/espaceambar.com\/wp-content\/uploads\/2025\/07\/woman-7306978_640.jpg 640w, https:\/\/espaceambar.com\/wp-content\/uploads\/2025\/07\/woman-7306978_640-300x300.jpg 300w, https:\/\/espaceambar.com\/wp-content\/uploads\/2025\/07\/woman-7306978_640-150x150.jpg 150w\" sizes=\"(max-width: 640px) 100vw, 640px\" \/><\/div>\n\t\t<\/a>\n\t\t\t\t<div class=\"elementor-post__text\">\n\t\t\t\t<h3 class=\"elementor-post__title\">\n\t\t\t<a href=\"https:\/\/espaceambar.com\/es\/la-vuelta-a-clases-con-las-flores-de-bach\/\" >\n\t\t\t\tLa vuelta a clases con las flores de Bach\t\t\t<\/a>\n\t\t<\/h3>\n\t\t\t\t<div class=\"elementor-post__meta-data\">\n\t\t\t\t\t<span class=\"elementor-post-author\">\n\t\t\t<span \n                data-original-string='US3mLjKtma6VKmKl\/mtwbw==6d1cmn9ptfcrTLSX67NrFuisRusm2PQbxSqraHa0\/eCp8Y='\n                class='apbct-email-encoder'\n                title='Este contacto ha sido codificado por Anti-Spam by CleanTalk. Haz clic para decodificar. Para finalizar la decodificaci\u00f3n, aseg\u00farate de que JavaScript est\u00e1 activado en tu navegador.'>ka<span class=\"apbct-blur\">*******<\/span>@<span class=\"apbct-blur\">*********<\/span>ar.com<\/span>\t\t<\/span>\n\t\t\t\t<span class=\"elementor-post-date\">\n\t\t\t17 de julio de 2025\t\t<\/span>\n\t\t\t\t<\/div>\n\t\t\t\t<div class=\"elementor-post__excerpt\">\n\t\t\t<p>Cada nuevo curso escolar marca tres cosas: el final de las vacaciones, el comienzo del nuevo a\u00f1o escolar y la vuelta a la vida cotidiana.<\/p>\n\t\t<\/div>\n\t\t\n\t\t<a class=\"elementor-post__read-more\" href=\"https:\/\/espaceambar.com\/es\/la-vuelta-a-clases-con-las-flores-de-bach\/\" aria-label=\"M\u00e1s informaci\u00f3n sobre La vuelta a clases con las flores de Bach\" tabindex=\"-1\" >\n\t\t\tLeer m\u00e1s \"\t\t<\/a>\n\n\t\t\t\t<\/div>\n\t\t\t\t<\/article>\n\t\t\t\t<article class=\"elementor-post elementor-grid-item post-662 post type-post status-publish format-standard has-post-thumbnail hentry category-sin-categorizar\" role=\"listitem\">\n\t\t\t\t<a class=\"elementor-post__thumbnail__link\" href=\"https:\/\/espaceambar.com\/es\/vuelta-al-cole-con-flores-de-bach\/\" tabindex=\"-1\" >\n\t\t\t<div class=\"elementor-post__thumbnail\"><img loading=\"lazy\" decoding=\"async\" width=\"275\" height=\"183\" src=\"https:\/\/espaceambar.com\/wp-content\/uploads\/2023\/06\/404f0e_458cf3433edf497ca8789f6a87a0e183mv2.webp\" class=\"attachment-full size-full wp-image-658\" alt=\"\" \/><\/div>\n\t\t<\/a>\n\t\t\t\t<div class=\"elementor-post__text\">\n\t\t\t\t<h3 class=\"elementor-post__title\">\n\t\t\t<a href=\"https:\/\/espaceambar.com\/es\/vuelta-al-cole-con-flores-de-bach\/\" >\n\t\t\t\tLa vuelta a clases con las flores de Bach\t\t\t<\/a>\n\t\t<\/h3>\n\t\t\t\t<div class=\"elementor-post__meta-data\">\n\t\t\t\t\t<span class=\"elementor-post-author\">\n\t\t\tKatherine C.L\u00f3pez\t\t<\/span>\n\t\t\t\t<span class=\"elementor-post-date\">\n\t\t\t29 de agosto de 2022\t\t<\/span>\n\t\t\t\t<\/div>\n\t\t\t\t<div class=\"elementor-post__excerpt\">\n\t\t\t<p>Cada nuevo curso escolar marca tres cosas: el final de las vacaciones, el comienzo del nuevo a\u00f1o escolar y la vuelta a la vida cotidiana.<\/p>\n\t\t<\/div>\n\t\t\n\t\t<a class=\"elementor-post__read-more\" href=\"https:\/\/espaceambar.com\/es\/vuelta-al-cole-con-flores-de-bach\/\" aria-label=\"M\u00e1s informaci\u00f3n sobre La vuelta a clases con las flores de Bach\" tabindex=\"-1\" >\n\t\t\tLeer m\u00e1s \"\t\t<\/a>\n\n\t\t\t\t<\/div>\n\t\t\t\t<\/article>\n\t\t\t\t<article class=\"elementor-post elementor-grid-item post-793 post type-post status-publish format-standard has-post-thumbnail hentry category-sin-categorizar tag-aceptacion tag-amourdesoi-es tag-apoyo-emocional tag-cuerpo tag-culpa tag-desanimo tag-emociones tag-escuchando tag-fleursdebach-es tag-hipersensibilidad tag-intestinos tag-lesiones tag-respiracion tag-sintoma tag-trastornos-alimentarios tag-trauma-es tag-vitalidad\" role=\"listitem\">\n\t\t\t\t<a class=\"elementor-post__thumbnail__link\" href=\"https:\/\/espaceambar.com\/es\/tu-cuerpo-tu-aliado-parte-ii\/\" tabindex=\"-1\" >\n\t\t\t<div class=\"elementor-post__thumbnail\"><img loading=\"lazy\" decoding=\"async\" width=\"315\" height=\"237\" src=\"https:\/\/espaceambar.com\/wp-content\/uploads\/2023\/06\/404f0e_022855d9beb1490e80bb62af775e4c86mv2.webp\" class=\"attachment-full size-full wp-image-738\" alt=\"\" srcset=\"https:\/\/espaceambar.com\/wp-content\/uploads\/2023\/06\/404f0e_022855d9beb1490e80bb62af775e4c86mv2.webp 315w, https:\/\/espaceambar.com\/wp-content\/uploads\/2023\/06\/404f0e_022855d9beb1490e80bb62af775e4c86mv2-300x226.webp 300w\" sizes=\"(max-width: 315px) 100vw, 315px\" \/><\/div>\n\t\t<\/a>\n\t\t\t\t<div class=\"elementor-post__text\">\n\t\t\t\t<h3 class=\"elementor-post__title\">\n\t\t\t<a href=\"https:\/\/espaceambar.com\/es\/tu-cuerpo-tu-aliado-parte-ii\/\" >\n\t\t\t\tTu cuerpo, tu aliado. Parte II\t\t\t<\/a>\n\t\t<\/h3>\n\t\t\t\t<div class=\"elementor-post__meta-data\">\n\t\t\t\t\t<span class=\"elementor-post-author\">\n\t\t\tKatherine C.L\u00f3pez\t\t<\/span>\n\t\t\t\t<span class=\"elementor-post-date\">\n\t\t\t14 de octubre de 2021\t\t<\/span>\n\t\t\t\t<\/div>\n\t\t\t\t<div class=\"elementor-post__excerpt\">\n\t\t\t<p>El mensaje del s\u00edntoma, el camino a la aceptaci\u00f3n es el camino de la autenticidad En el art\u00edculo anterior te propuse dirigir la mirada al<\/p>\n\t\t<\/div>\n\t\t\n\t\t<a class=\"elementor-post__read-more\" href=\"https:\/\/espaceambar.com\/es\/tu-cuerpo-tu-aliado-parte-ii\/\" aria-label=\"M\u00e1s informaci\u00f3n sobre Tu cuerpo, tu aliado. Parte II\" tabindex=\"-1\" >\n\t\t\tLeer m\u00e1s \"\t\t<\/a>\n\n\t\t\t\t<\/div>\n\t\t\t\t<\/article>\n\t\t\t\t<article class=\"elementor-post elementor-grid-item post-801 post type-post status-publish format-standard has-post-thumbnail hentry category-sin-categorizar\" role=\"listitem\">\n\t\t\t\t<a class=\"elementor-post__thumbnail__link\" href=\"https:\/\/espaceambar.com\/es\/tu-cuerpo-tu-aliado-como-ayudarte-escuchandolo-y-liberando-su-verdad-p-1\/\" tabindex=\"-1\" >\n\t\t\t<div class=\"elementor-post__thumbnail\"><img loading=\"lazy\" decoding=\"async\" width=\"315\" height=\"237\" src=\"https:\/\/espaceambar.com\/wp-content\/uploads\/2023\/06\/404f0e_1b704154e1ff41c7bd73cdfe67fa5417mv2.webp\" class=\"attachment-full size-full wp-image-788\" alt=\"\" srcset=\"https:\/\/espaceambar.com\/wp-content\/uploads\/2023\/06\/404f0e_1b704154e1ff41c7bd73cdfe67fa5417mv2.webp 315w, https:\/\/espaceambar.com\/wp-content\/uploads\/2023\/06\/404f0e_1b704154e1ff41c7bd73cdfe67fa5417mv2-300x226.webp 300w\" sizes=\"(max-width: 315px) 100vw, 315px\" \/><\/div>\n\t\t<\/a>\n\t\t\t\t<div class=\"elementor-post__text\">\n\t\t\t\t<h3 class=\"elementor-post__title\">\n\t\t\t<a href=\"https:\/\/espaceambar.com\/es\/tu-cuerpo-tu-aliado-como-ayudarte-escuchandolo-y-liberando-su-verdad-p-1\/\" >\n\t\t\t\tTu cuerpo, tu aliado. C\u00f3mo ayudarte a ti mismo escuch\u00e1ndola y liberando su verdad. Parte 1\t\t\t<\/a>\n\t\t<\/h3>\n\t\t\t\t<div class=\"elementor-post__meta-data\">\n\t\t\t\t\t<span class=\"elementor-post-author\">\n\t\t\tKatherine C.L\u00f3pez\t\t<\/span>\n\t\t\t\t<span class=\"elementor-post-date\">\n\t\t\t10 de julio de 2021\t\t<\/span>\n\t\t\t\t<\/div>\n\t\t\t\t<div class=\"elementor-post__excerpt\">\n\t\t\t<p>Cuando acostumbras a tu cuerpo a no sentir porque has vivido situaciones de desprecio, de maltrato, de amenaza, cuando has aprendido a reprimir las emociones,<\/p>\n\t\t<\/div>\n\t\t\n\t\t<a class=\"elementor-post__read-more\" href=\"https:\/\/espaceambar.com\/es\/tu-cuerpo-tu-aliado-como-ayudarte-escuchandolo-y-liberando-su-verdad-p-1\/\" aria-label=\"M\u00e1s informaci\u00f3n sobre Tu cuerpo, tu aliado. C\u00f3mo ayudarte a ti mismo escuch\u00e1ndola y liberando su verdad. Parte 1\" tabindex=\"-1\" >\n\t\t\tLeer m\u00e1s \"\t\t<\/a>\n\n\t\t\t\t<\/div>\n\t\t\t\t<\/article>\n\t\t\t\t<article class=\"elementor-post elementor-grid-item post-964 post type-post status-publish format-standard has-post-thumbnail hentry category-sin-categorizar\" role=\"listitem\">\n\t\t\t\t<a class=\"elementor-post__thumbnail__link\" href=\"https:\/\/espaceambar.com\/es\/el-espiral-de-la-vida\/\" tabindex=\"-1\" >\n\t\t\t<div class=\"elementor-post__thumbnail\"><img loading=\"lazy\" decoding=\"async\" width=\"225\" height=\"225\" src=\"https:\/\/espaceambar.com\/wp-content\/uploads\/2023\/06\/404f0e_f4db50fb22ee4a43a5b580bb62c2073cmv2.webp\" class=\"attachment-full size-full wp-image-704\" alt=\"\" srcset=\"https:\/\/espaceambar.com\/wp-content\/uploads\/2023\/06\/404f0e_f4db50fb22ee4a43a5b580bb62c2073cmv2.webp 225w, https:\/\/espaceambar.com\/wp-content\/uploads\/2023\/06\/404f0e_f4db50fb22ee4a43a5b580bb62c2073cmv2-150x150.webp 150w\" sizes=\"(max-width: 225px) 100vw, 225px\" \/><\/div>\n\t\t<\/a>\n\t\t\t\t<div class=\"elementor-post__text\">\n\t\t\t\t<h3 class=\"elementor-post__title\">\n\t\t\t<a href=\"https:\/\/espaceambar.com\/es\/el-espiral-de-la-vida\/\" >\n\t\t\t\tEl Espiral de la Vida\t\t\t<\/a>\n\t\t<\/h3>\n\t\t\t\t<div class=\"elementor-post__meta-data\">\n\t\t\t\t\t<span class=\"elementor-post-author\">\n\t\t\tKatherine C.L\u00f3pez\t\t<\/span>\n\t\t\t\t<span class=\"elementor-post-date\">\n\t\t\t30 de abril de 2021\t\t<\/span>\n\t\t\t\t<\/div>\n\t\t\t\t<div class=\"elementor-post__excerpt\">\n\t\t\t<p>Hace unos d\u00edas le\u00ed una frase que dec\u00eda, &#8220;Cuando no son tus muertos es dif\u00edcil entender la gravedad de la situaci\u00f3n&#8221; Esta frase tra\u00edda al<\/p>\n\t\t<\/div>\n\t\t\n\t\t<a class=\"elementor-post__read-more\" href=\"https:\/\/espaceambar.com\/es\/el-espiral-de-la-vida\/\" aria-label=\"M\u00e1s informaci\u00f3n sobre El Espiral de la Vida\" tabindex=\"-1\" >\n\t\t\tLeer m\u00e1s \"\t\t<\/a>\n\n\t\t\t\t<\/div>\n\t\t\t\t<\/article>\n\t\t\t\t<article class=\"elementor-post elementor-grid-item post-966 post type-post status-publish format-standard has-post-thumbnail hentry category-sin-categorizar\" role=\"listitem\">\n\t\t\t\t<a class=\"elementor-post__thumbnail__link\" href=\"https:\/\/espaceambar.com\/es\/como-dejar-de-parecer-y-empezar-a-ser\/\" tabindex=\"-1\" >\n\t\t\t<div class=\"elementor-post__thumbnail\"><img loading=\"lazy\" decoding=\"async\" width=\"259\" height=\"194\" src=\"https:\/\/espaceambar.com\/wp-content\/uploads\/2023\/06\/404f0e_daaa8597f95e4affb314aa87b2b3c462mv2.webp\" class=\"attachment-full size-full wp-image-712\" alt=\"\" \/><\/div>\n\t\t<\/a>\n\t\t\t\t<div class=\"elementor-post__text\">\n\t\t\t\t<h3 class=\"elementor-post__title\">\n\t\t\t<a href=\"https:\/\/espaceambar.com\/es\/como-dejar-de-parecer-y-empezar-a-ser\/\" >\n\t\t\t\tC\u00f3mo dejar de parecer y empezar a Ser\t\t\t<\/a>\n\t\t<\/h3>\n\t\t\t\t<div class=\"elementor-post__meta-data\">\n\t\t\t\t\t<span class=\"elementor-post-author\">\n\t\t\tKatherine C.L\u00f3pez\t\t<\/span>\n\t\t\t\t<span class=\"elementor-post-date\">\n\t\t\t16 de febrero de 2021\t\t<\/span>\n\t\t\t\t<\/div>\n\t\t\t\t<div class=\"elementor-post__excerpt\">\n\t\t\t<p>Hace un tiempo reflexionaba sobre c\u00f3mo nos cuesta a los seres humanos muchas veces simplemente Ser, sin complejos, sin, miedos condicionantes, sin necesidad ni ganas<\/p>\n\t\t<\/div>\n\t\t\n\t\t<a class=\"elementor-post__read-more\" href=\"https:\/\/espaceambar.com\/es\/como-dejar-de-parecer-y-empezar-a-ser\/\" aria-label=\"M\u00e1s informaci\u00f3n sobre C\u00f3mo dejar de parecer y empezar a Ser\" tabindex=\"-1\" >\n\t\t\tLeer m\u00e1s \"\t\t<\/a>\n\n\t\t\t\t<\/div>\n\t\t\t\t<\/article>\n\t\t\t\t<article class=\"elementor-post elementor-grid-item post-974 post type-post status-publish format-standard has-post-thumbnail hentry category-sin-categorizar\" role=\"listitem\">\n\t\t\t\t<a class=\"elementor-post__thumbnail__link\" href=\"https:\/\/espaceambar.com\/es\/el-arbol-magico-una-invitacion-a-la-exploracion-del-arbol-genealogico-que-eres\/\" tabindex=\"-1\" >\n\t\t\t<div class=\"elementor-post__thumbnail\"><img loading=\"lazy\" decoding=\"async\" width=\"315\" height=\"237\" src=\"https:\/\/espaceambar.com\/wp-content\/uploads\/2023\/06\/404f0e_93dd90c49cba41c390962b2ec9623ff6mv2.webp\" class=\"attachment-full size-full wp-image-750\" alt=\"\" srcset=\"https:\/\/espaceambar.com\/wp-content\/uploads\/2023\/06\/404f0e_93dd90c49cba41c390962b2ec9623ff6mv2.webp 315w, https:\/\/espaceambar.com\/wp-content\/uploads\/2023\/06\/404f0e_93dd90c49cba41c390962b2ec9623ff6mv2-300x226.webp 300w\" sizes=\"(max-width: 315px) 100vw, 315px\" \/><\/div>\n\t\t<\/a>\n\t\t\t\t<div class=\"elementor-post__text\">\n\t\t\t\t<h3 class=\"elementor-post__title\">\n\t\t\t<a href=\"https:\/\/espaceambar.com\/es\/el-arbol-magico-una-invitacion-a-la-exploracion-del-arbol-genealogico-que-eres\/\" >\n\t\t\t\tEl \u00e1rbol m\u00e1gico; Una invitaci\u00f3n a la exploraci\u00f3n del \u00e1rbol genealogico que Eres\t\t\t<\/a>\n\t\t<\/h3>\n\t\t\t\t<div class=\"elementor-post__meta-data\">\n\t\t\t\t\t<span class=\"elementor-post-author\">\n\t\t\tKatherine C.L\u00f3pez\t\t<\/span>\n\t\t\t\t<span class=\"elementor-post-date\">\n\t\t\t17 de diciembre de 2020\t\t<\/span>\n\t\t\t\t<\/div>\n\t\t\t\t<div class=\"elementor-post__excerpt\">\n\t\t\t<p>&#8220;La familia es un \u00e1rbol m\u00e1gico en el interior de cada uno&#8221; Alejandro Jodorowsky Quer\u00eda comenzar con esta frase para abordar este nuevo art\u00edculo. Este<\/p>\n\t\t<\/div>\n\t\t\n\t\t<a class=\"elementor-post__read-more\" href=\"https:\/\/espaceambar.com\/es\/el-arbol-magico-una-invitacion-a-la-exploracion-del-arbol-genealogico-que-eres\/\" aria-label=\"M\u00e1s informaci\u00f3n sobre El \u00e1rbol m\u00e1gico; Una invitaci\u00f3n a la exploraci\u00f3n del \u00e1rbol genealogico que Eres\" tabindex=\"-1\" >\n\t\t\tLeer m\u00e1s \"\t\t<\/a>\n\n\t\t\t\t<\/div>\n\t\t\t\t<\/article>\n\t\t\t\t<article class=\"elementor-post elementor-grid-item post-1017 post type-post status-publish format-standard has-post-thumbnail hentry category-sin-categorizar\" role=\"listitem\">\n\t\t\t\t<a class=\"elementor-post__thumbnail__link\" href=\"https:\/\/espaceambar.com\/es\/el-cuerpo-hijo-del-trauma-como-volverlo-un-cuerpo-vivo-y-vibrante\/\" tabindex=\"-1\" >\n\t\t\t<div class=\"elementor-post__thumbnail\"><img loading=\"lazy\" decoding=\"async\" width=\"275\" height=\"183\" src=\"https:\/\/espaceambar.com\/wp-content\/uploads\/2023\/06\/404f0e_bad8e3d477ac446c84c8fa2bc2f3838cmv2.webp\" class=\"attachment-full size-full wp-image-722\" alt=\"\" \/><\/div>\n\t\t<\/a>\n\t\t\t\t<div class=\"elementor-post__text\">\n\t\t\t\t<h3 class=\"elementor-post__title\">\n\t\t\t<a href=\"https:\/\/espaceambar.com\/es\/el-cuerpo-hijo-del-trauma-como-volverlo-un-cuerpo-vivo-y-vibrante\/\" >\n\t\t\t\tEl cuerpo hijo del Trauma: como volverlo un cuerpo vivo y vibrante\t\t\t<\/a>\n\t\t<\/h3>\n\t\t\t\t<div class=\"elementor-post__meta-data\">\n\t\t\t\t\t<span class=\"elementor-post-author\">\n\t\t\tKatherine C.L\u00f3pez\t\t<\/span>\n\t\t\t\t<span class=\"elementor-post-date\">\n\t\t\t16 de noviembre de 2020\t\t<\/span>\n\t\t\t\t<\/div>\n\t\t\t\t<div class=\"elementor-post__excerpt\">\n\t\t\t<p>Generalmente cuando he le\u00eddo, estudiado sobre el trauma he le\u00eddo el \u00e9nfasis que se hace sobre las consecuencias que este ha dejado en las personas,<\/p>\n\t\t<\/div>\n\t\t\n\t\t<a class=\"elementor-post__read-more\" href=\"https:\/\/espaceambar.com\/es\/el-cuerpo-hijo-del-trauma-como-volverlo-un-cuerpo-vivo-y-vibrante\/\" aria-label=\"M\u00e1s informaci\u00f3n sobre La oveja negra de la familia\"00 tabindex=\"-1\" >\n\t\t\tLeer m\u00e1s \"\t\t<\/a>\n\n\t\t\t\t<\/div>\n\t\t\t\t<\/article>\n\t\t\t\t<article class=\"elementor-post elementor-grid-item post-1023 post type-post status-publish format-standard has-post-thumbnail hentry category-sin-categorizar\" role=\"listitem\">\n\t\t\t\t<a class=\"elementor-post__thumbnail__link\" href=\"https:\/\/espaceambar.com\/es\/porque-consultar-un-terapeuta-floral-de-bach-bfrp\/\" tabindex=\"-1\" >\n\t\t\t<div class=\"elementor-post__thumbnail\"><img loading=\"lazy\" decoding=\"async\" width=\"225\" height=\"224\" src=\"https:\/\/espaceambar.com\/wp-content\/uploads\/2023\/06\/404f0e_67980e83d44d4ad2aae9bafb1b3be1b5mv2.webp\" class=\"attachment-full size-full wp-image-734\" alt=\"\" srcset=\"https:\/\/espaceambar.com\/wp-content\/uploads\/2023\/06\/404f0e_67980e83d44d4ad2aae9bafb1b3be1b5mv2.webp 225w, https:\/\/espaceambar.com\/wp-content\/uploads\/2023\/06\/404f0e_67980e83d44d4ad2aae9bafb1b3be1b5mv2-150x150.webp 150w\" sizes=\"(max-width: 225px) 100vw, 225px\" \/><\/div>\n\t\t<\/a>\n\t\t\t\t<div class=\"elementor-post__text\">\n\t\t\t\t<h3 class=\"elementor-post__title\">\n\t\t\t<a href=\"https:\/\/espaceambar.com\/es\/porque-consultar-un-terapeuta-floral-de-bach-bfrp\/\" >\n\t\t\t\tPorqu\u00e9 consultar un terapeuta floral de Bach-BFRP\t\t\t<\/a>\n\t\t<\/h3>\n\t\t\t\t<div class=\"elementor-post__meta-data\">\n\t\t\t\t\t<span class=\"elementor-post-author\">\n\t\t\tKatherine C.L\u00f3pez\t\t<\/span>\n\t\t\t\t<span class=\"elementor-post-date\">\n\t\t\t1 de octubre de 2020\t\t<\/span>\n\t\t\t\t<\/div>\n\t\t\t\t<div class=\"elementor-post__excerpt\">\n\t\t\t<p>\u201cNuestra visi\u00f3n de la vida depende de lo cerca que se encuentre la personalidad del alma. Cuanto m\u00e1s \u00edntima sea la uni\u00f3n, mayor ser\u00e1 la<\/p>\n\t\t<\/div>\n\t\t\n\t\t<a class=\"elementor-post__read-more\" href=\"https:\/\/espaceambar.com\/es\/porque-consultar-un-terapeuta-floral-de-bach-bfrp\/\" aria-label=\"M\u00e1s informaci\u00f3n sobre La oveja negra de la familia\"11 tabindex=\"-1\" >\n\t\t\tLeer m\u00e1s \"\t\t<\/a>\n\n\t\t\t\t<\/div>\n\t\t\t\t<\/article>\n\t\t\t\t<article class=\"elementor-post elementor-grid-item post-1028 post type-post status-publish format-standard has-post-thumbnail hentry category-sin-categorizar\" role=\"listitem\">\n\t\t\t\t<a class=\"elementor-post__thumbnail__link\" href=\"https:\/\/espaceambar.com\/es\/la-casa-que-habito-como-reconstruirme-emocionalmente\/\" tabindex=\"-1\" >\n\t\t\t<div class=\"elementor-post__thumbnail\"><img loading=\"lazy\" decoding=\"async\" width=\"315\" height=\"237\" src=\"https:\/\/espaceambar.com\/wp-content\/uploads\/2023\/06\/404f0e_31c84345f2554f2bb6c46cd6d2da674dmv2.webp\" class=\"attachment-full size-full wp-image-760\" alt=\"\" srcset=\"https:\/\/espaceambar.com\/wp-content\/uploads\/2023\/06\/404f0e_31c84345f2554f2bb6c46cd6d2da674dmv2.webp 315w, https:\/\/espaceambar.com\/wp-content\/uploads\/2023\/06\/404f0e_31c84345f2554f2bb6c46cd6d2da674dmv2-300x226.webp 300w\" sizes=\"(max-width: 315px) 100vw, 315px\" \/><\/div>\n\t\t<\/a>\n\t\t\t\t<div class=\"elementor-post__text\">\n\t\t\t\t<h3 class=\"elementor-post__title\">\n\t\t\t<a href=\"https:\/\/espaceambar.com\/es\/la-casa-que-habito-como-reconstruirme-emocionalmente\/\" >\n\t\t\t\tLa casa que habito, como (re)construirme emocionalmente\t\t\t<\/a>\n\t\t<\/h3>\n\t\t\t\t<div class=\"elementor-post__meta-data\">\n\t\t\t\t\t<span class=\"elementor-post-author\">\n\t\t\tKatherine C.L\u00f3pez\t\t<\/span>\n\t\t\t\t<span class=\"elementor-post-date\">\n\t\t\t18 de agosto de 2020\t\t<\/span>\n\t\t\t\t<\/div>\n\t\t\t\t<div class=\"elementor-post__excerpt\">\n\t\t\t<p>Con todo el movimiento colectivo e individual que estamos viviendo que ha movilizado estructuras que se cre\u00edan fijas e inamovibles, hoy te quisiera compartir este<\/p>\n\t\t<\/div>\n\t\t\n\t\t<a class=\"elementor-post__read-more\" href=\"https:\/\/espaceambar.com\/es\/la-casa-que-habito-como-reconstruirme-emocionalmente\/\" aria-label=\"M\u00e1s informaci\u00f3n sobre La oveja negra de la familia\"22 tabindex=\"-1\" >\n\t\t\tLeer m\u00e1s \"\t\t<\/a>\n\n\t\t\t\t<\/div>\n\t\t\t\t<\/article>\n\t\t\t\t<article class=\"elementor-post elementor-grid-item post-1050 post type-post status-publish format-standard has-post-thumbnail hentry category-sin-categorizar\" role=\"listitem\">\n\t\t\t\t<a class=\"elementor-post__thumbnail__link\" href=\"https:\/\/espaceambar.com\/es\/la-salida-es-hacia-adentro-como-curando-mis-heridas-comienzo-a-co-crear-mi-vida\/\" tabindex=\"-1\" >\n\t\t\t<div class=\"elementor-post__thumbnail\"><img loading=\"lazy\" decoding=\"async\" width=\"413\" height=\"250\" src=\"https:\/\/espaceambar.com\/wp-content\/uploads\/2023\/07\/file9.jpg\" class=\"attachment-full size-full wp-image-841\" alt=\"\" srcset=\"https:\/\/espaceambar.com\/wp-content\/uploads\/2023\/07\/file9.jpg 413w, https:\/\/espaceambar.com\/wp-content\/uploads\/2023\/07\/file9-300x182.jpg 300w\" sizes=\"(max-width: 413px) 100vw, 413px\" \/><\/div>\n\t\t<\/a>\n\t\t\t\t<div class=\"elementor-post__text\">\n\t\t\t\t<h3 class=\"elementor-post__title\">\n\t\t\t<a href=\"https:\/\/espaceambar.com\/es\/la-salida-es-hacia-adentro-como-curando-mis-heridas-comienzo-a-co-crear-mi-vida\/\" >\n\t\t\t\tLa salida es hacia adentro, como curando mis heridas comienzo a co-crear mi vida\t\t\t<\/a>\n\t\t<\/h3>\n\t\t\t\t<div class=\"elementor-post__meta-data\">\n\t\t\t\t\t<span class=\"elementor-post-author\">\n\t\t\tKatherine C.L\u00f3pez\t\t<\/span>\n\t\t\t\t<span class=\"elementor-post-date\">\n\t\t\t6 de junio de 2020\t\t<\/span>\n\t\t\t\t<\/div>\n\t\t\t\t<div class=\"elementor-post__excerpt\">\n\t\t\t<p>El art\u00edculo de este mes es un art\u00edculo muy sentido para m\u00ed que me ha invitado a meditarlo m\u00e1s tiempo que el habitual. He querido<\/p>\n\t\t<\/div>\n\t\t\n\t\t<a class=\"elementor-post__read-more\" href=\"https:\/\/espaceambar.com\/es\/la-salida-es-hacia-adentro-como-curando-mis-heridas-comienzo-a-co-crear-mi-vida\/\" aria-label=\"M\u00e1s informaci\u00f3n sobre La oveja negra de la familia\"33 tabindex=\"-1\" >\n\t\t\tLeer m\u00e1s \"\t\t<\/a>\n\n\t\t\t\t<\/div>\n\t\t\t\t<\/article>\n\t\t\t\t<article class=\"elementor-post elementor-grid-item post-1019 post type-post status-publish format-standard has-post-thumbnail hentry category-sin-categorizar\" role=\"listitem\">\n\t\t\t\t<a class=\"elementor-post__thumbnail__link\" href=\"https:\/\/espaceambar.com\/es\/era-una-vez-2018\/\" tabindex=\"-1\" >\n\t\t\t<div class=\"elementor-post__thumbnail\"><img loading=\"lazy\" decoding=\"async\" width=\"116\" height=\"116\" src=\"https:\/\/espaceambar.com\/wp-content\/uploads\/2023\/07\/404f0e_3ea55ac80604440ca501efb993fa3cc7mv2.webp\" class=\"attachment-full size-full wp-image-923\" alt=\"\" \/><\/div>\n\t\t<\/a>\n\t\t\t\t<div class=\"elementor-post__text\">\n\t\t\t\t<h3 class=\"elementor-post__title\">\n\t\t\t<a href=\"https:\/\/espaceambar.com\/es\/era-una-vez-2018\/\" >\n\t\t\t\tEra una vez 2018&#8230;\t\t\t<\/a>\n\t\t<\/h3>\n\t\t\t\t<div class=\"elementor-post__meta-data\">\n\t\t\t\t\t<span class=\"elementor-post-author\">\n\t\t\tKatherine C.L\u00f3pez\t\t<\/span>\n\t\t\t\t<span class=\"elementor-post-date\">\n\t\t\t22 de diciembre de 2018\t\t<\/span>\n\t\t\t\t<\/div>\n\t\t\t\t<div class=\"elementor-post__excerpt\">\n\t\t\t<p>Estamos transitando los \u00faltimos d\u00edas de a\u00f1o 2018. Un a\u00f1o marcado por cambios profundos en las mentalidades de todos. Un a\u00f1o que vino a mover<\/p>\n\t\t<\/div>\n\t\t\n\t\t<a class=\"elementor-post__read-more\" href=\"https:\/\/espaceambar.com\/es\/era-una-vez-2018\/\" aria-label=\"M\u00e1s informaci\u00f3n sobre La oveja negra de la familia\"44 tabindex=\"-1\" >\n\t\t\tLeer m\u00e1s \"\t\t<\/a>\n\n\t\t\t\t<\/div>\n\t\t\t\t<\/article>\n\t\t\t\t<article class=\"elementor-post elementor-grid-item post-1021 post type-post status-publish format-standard has-post-thumbnail hentry category-sin-categorizar\" role=\"listitem\">\n\t\t\t\t<a class=\"elementor-post__thumbnail__link\" href=\"https:\/\/espaceambar.com\/es\/en-sus-calendarios\/\" tabindex=\"-1\" >\n\t\t\t<div class=\"elementor-post__thumbnail\"><img loading=\"lazy\" decoding=\"async\" width=\"176\" height=\"250\" src=\"https:\/\/espaceambar.com\/wp-content\/uploads\/2023\/07\/file31.jpg\" class=\"attachment-full size-full wp-image-930\" alt=\"\" \/><\/div>\n\t\t<\/a>\n\t\t\t\t<div class=\"elementor-post__text\">\n\t\t\t\t<h3 class=\"elementor-post__title\">\n\t\t\t<a href=\"https:\/\/espaceambar.com\/es\/en-sus-calendarios\/\" >\n\t\t\t\t\u00a1En sus calendarios!\t\t\t<\/a>\n\t\t<\/h3>\n\t\t\t\t<div class=\"elementor-post__meta-data\">\n\t\t\t\t\t<span class=\"elementor-post-author\">\n\t\t\tKatherine C.L\u00f3pez\t\t<\/span>\n\t\t\t\t<span class=\"elementor-post-date\">\n\t\t\t26 de noviembre de 2018\t\t<\/span>\n\t\t\t\t<\/div>\n\t\t\t\t<div class=\"elementor-post__excerpt\">\n\t\t\t<p>El mes de diciembre comienza con un buen salon, dedicado a las terapias, en Mons. Esta sera una buena ocasi\u00f3n para venir a re-descubrir las<\/p>\n\t\t<\/div>\n\t\t\n\t\t<a class=\"elementor-post__read-more\" href=\"https:\/\/espaceambar.com\/es\/en-sus-calendarios\/\" aria-label=\"M\u00e1s informaci\u00f3n sobre La oveja negra de la familia\"55 tabindex=\"-1\" >\n\t\t\tLeer m\u00e1s \"\t\t<\/a>\n\n\t\t\t\t<\/div>\n\t\t\t\t<\/article>\n\t\t\t\t<\/div>\n\t\t\n\t\t\t\t\t\t<\/div>\n\t\t\t\t<\/div>\n\t\t\t\t\t<\/div>\n\t\t\t\t<\/div>\n\t\t\t\t<\/div>\n\t\t","protected":false},"excerpt":{"rendered":"<p>BLOG<\/p>\n","protected":false},"author":18,"featured_media":0,"parent":0,"menu_order":0,"comment_status":"closed","ping_status":"closed","template":"elementor_header_footer","meta":{"_seopress_robots_primary_cat":"","_seopress_titles_title":"","_seopress_titles_desc":"","_seopress_robots_index":"","_surecart_dashboard_logo_width":"180px","_surecart_dashboard_show_logo":true,"_surecart_dashboard_navigation_orders":true,"_surecart_dashboard_navigation_invoices":true,"_surecart_dashboard_navigation_subscriptions":true,"_surecart_dashboard_navigation_downloads":true,"_surecart_dashboard_navigation_billing":true,"_surecart_dashboard_navigation_account":true,"iawp_total_views":0,"footnotes":""},"class_list":["post-630","page","type-page","status-publish","hentry"],"_links":{"self":[{"href":"https:\/\/espaceambar.com\/es\/wp-json\/wp\/v2\/pages\/630","targetHints":{"allow":["GET"]}}],"collection":[{"href":"https:\/\/espaceambar.com\/es\/wp-json\/wp\/v2\/pages"}],"about":[{"href":"https:\/\/espaceambar.com\/es\/wp-json\/wp\/v2\/types\/page"}],"author":[{"embeddable":true,"href":"https:\/\/espaceambar.com\/es\/wp-json\/wp\/v2\/users\/18"}],"replies":[{"embeddable":true,"href":"https:\/\/espaceambar.com\/es\/wp-json\/wp\/v2\/comments?post=630"}],"version-history":[{"count":0,"href":"https:\/\/espaceambar.com\/es\/wp-json\/wp\/v2\/pages\/630\/revisions"}],"wp:attachment":[{"href":"https:\/\/espaceambar.com\/es\/wp-json\/wp\/v2\/media?parent=630"}],"curies":[{"name":"wp","href":"https:\/\/api.w.org\/{rel}","templated":true}]}}